{"id":461,"date":"2014-07-08T14:29:36","date_gmt":"2014-07-08T14:29:36","guid":{"rendered":"http:\/\/margarete.wiggen.de\/?page_id=461"},"modified":"2014-07-16T22:24:01","modified_gmt":"2014-07-16T22:24:01","slug":"ausstellungen","status":"publish","type":"page","link":"http:\/\/margarete.wiggen.de\/?page_id=461","title":{"rendered":"Ausstellungen"},"content":{"rendered":"<table width=\"660\">\n<tbody>\n<tr>\n<td width=\"80\"><span style=\"color: #000000;\">1961<\/span><\/td>\n<td width=\"142\"><span style=\"color: #000000;\">M\u00fcnster<\/span><\/td>\n<td width=\"438\"><\/td>\n<\/tr>\n<tr>\n<td><span style=\"color: #000000;\">1962<\/span><\/td>\n<td><span style=\"color: #000000;\">K\u00f6nigstein\/Ts.<\/span><\/td>\n<td><span style=\"color: #000000;\">Haus der Begegnung, Caritas Bundestreffen<\/span><\/td>\n<\/tr>\n<tr>\n<td><span style=\"color: #000000;\">1963<\/span><\/td>\n<td><span style=\"color: #000000;\">M\u00fcnster<\/span><\/td>\n<td><span style=\"color: #000000;\">Caritas Di\u00f6zesantag<\/span><\/td>\n<\/tr>\n<tr>\n<td><span style=\"color: #000000;\">1970<\/span><\/td>\n<td><span style=\"color: #000000;\">W\u00fcrzburg<\/span><\/td>\n<td><span style=\"color: #000000;\">Bayerisches Staatskonservatorium der Musik<\/span><\/td>\n<\/tr>\n<tr>\n<td><span style=\"color: #000000;\">1975<\/span><\/td>\n<td><span style=\"color: #000000;\">Selb<\/span><\/td>\n<td><span style=\"color: #000000;\">Feierabendhaus<\/span><\/td>\n<\/tr>\n<tr>\n<td><span style=\"color: #000000;\">1975<\/span><\/td>\n<td><span style=\"color: #000000;\">Bad Alexandersbad<\/span><\/td>\n<td><span style=\"color: #000000;\">Kur- und Sporthotel<\/span><\/td>\n<\/tr>\n<tr>\n<td><span style=\"color: #000000;\">1975<\/span><\/td>\n<td><span style=\"color: #000000;\">Bayreuth<\/span><\/td>\n<td><span style=\"color: #000000;\">Eremitage<\/span><\/td>\n<\/tr>\n<tr>\n<td><span style=\"color: #000000;\">1975<\/span><\/td>\n<td><span style=\"color: #000000;\">Hof<\/span><\/td>\n<td><span style=\"color: #000000;\">Hypo-Galerie<\/span><\/td>\n<\/tr>\n<tr>\n<td><span style=\"color: #000000;\">1975<\/span><\/td>\n<td><span style=\"color: #000000;\">N\u00fcrnberg<\/span><\/td>\n<td><span style=\"color: #000000;\">Kunsthalle<\/span><\/td>\n<\/tr>\n<tr>\n<td><span style=\"color: #000000;\">1975<\/span><\/td>\n<td><span style=\"color: #000000;\">Warmensteinach<\/span><\/td>\n<td><span style=\"color: #000000;\">Panorama Hotel<\/span><\/td>\n<\/tr>\n<tr>\n<td><span style=\"color: #000000;\">1976<\/span><\/td>\n<td><span style=\"color: #000000;\">Gronau<\/span><\/td>\n<td><span style=\"color: #000000;\">Deutsche Bank Kunstkreis<\/span><\/td>\n<\/tr>\n<tr>\n<td><span style=\"color: #000000;\">1976<\/span><\/td>\n<td><span style=\"color: #000000;\">Bamberg<\/span><\/td>\n<td><span style=\"color: #000000;\">Residenz<\/span><\/td>\n<\/tr>\n<tr>\n<td><span style=\"color: #000000;\">1976<\/span><\/td>\n<td><span style=\"color: #000000;\">Hof<\/span><\/td>\n<td><span style=\"color: #000000;\">Vereinsbank\/Dresdner Bank\/Pfersdorf Kunst in Hofer Schaufenstern<\/span><\/td>\n<\/tr>\n<tr>\n<td><span style=\"color: #000000;\">1976<\/span><\/td>\n<td><span style=\"color: #000000;\">W\u00fcrzburg<\/span><\/td>\n<td><span style=\"color: #000000;\">Otto-Richter-Halle<\/span><\/td>\n<\/tr>\n<tr>\n<td><span style=\"color: #000000;\">1976<\/span><\/td>\n<td><span style=\"color: #000000;\">Kronach<\/span><\/td>\n<td><span style=\"color: #000000;\">Rathausgalerie<\/span><\/td>\n<\/tr>\n<tr>\n<td><span style=\"color: #000000;\">1976<\/span><\/td>\n<td><span style=\"color: #000000;\">Schwarzenbach\/Saale<\/span><\/td>\n<td><span style=\"color: #000000;\">Alte Turnhalle, Jubil\u00e4umsausstellung<\/span><\/td>\n<\/tr>\n<tr>\n<td><span style=\"color: #000000;\">1976<\/span><\/td>\n<td><span style=\"color: #000000;\">M\u00fcnchen<\/span><\/td>\n<td><span style=\"color: #000000;\">Galerie Schreiber<\/span><\/td>\n<\/tr>\n<tr>\n<td><span style=\"color: #000000;\">1976<\/span><\/td>\n<td><span style=\"color: #000000;\">Hof<\/span><\/td>\n<td><span style=\"color: #000000;\">Galerie Petri<\/span><\/td>\n<\/tr>\n<tr>\n<td><span style=\"color: #000000;\">1977<\/span><\/td>\n<td><span style=\"color: #000000;\">M\u00fcnster<\/span><\/td>\n<td><span style=\"color: #000000;\">Galerie Nettels<\/span><\/td>\n<\/tr>\n<tr>\n<td><span style=\"color: #000000;\">1977<\/span><\/td>\n<td><span style=\"color: #000000;\">Schweinfurt<\/span><\/td>\n<td><span style=\"color: #000000;\">Altes Rathaus<\/span><\/td>\n<\/tr>\n<tr>\n<td><span style=\"color: #000000;\">1977<\/span><\/td>\n<td><span style=\"color: #000000;\">Bonn<\/span><\/td>\n<td><span style=\"color: #000000;\">Deutsche Parlamentarische Gesellschaft<\/span><\/td>\n<\/tr>\n<tr>\n<td><span style=\"color: #000000;\">1977<\/span><\/td>\n<td><span style=\"color: #000000;\">Pommersfelden<\/span><\/td>\n<td><span style=\"color: #000000;\">Schloss<\/span><\/td>\n<\/tr>\n<tr>\n<td><span style=\"color: #000000;\">1977<\/span><\/td>\n<td><span style=\"color: #000000;\">Passau<\/span><\/td>\n<td><span style=\"color: #000000;\">Oberhausmuseum<\/span><\/td>\n<\/tr>\n<tr>\n<td><span style=\"color: #000000;\">1977<\/span><\/td>\n<td><span style=\"color: #000000;\">Bad F\u00fcssing<\/span><\/td>\n<td><span style=\"color: #000000;\">Galerie Br\u00fcckner<\/span><\/td>\n<\/tr>\n<tr>\n<td><span style=\"color: #000000;\">1977<\/span><\/td>\n<td><span style=\"color: #000000;\">Bad Neustadt<\/span><\/td>\n<td><\/td>\n<\/tr>\n<tr>\n<td><span style=\"color: #000000;\">1977<\/span><\/td>\n<td><span style=\"color: #000000;\">Helmbrechts<\/span><\/td>\n<td><span style=\"color: #000000;\">FHS<\/span><\/td>\n<\/tr>\n<tr>\n<td><span style=\"color: #000000;\">1977<\/span><\/td>\n<td><span style=\"color: #000000;\">Wiesbaden<\/span><\/td>\n<td><span style=\"color: #000000;\">Galerie Zinnlade<\/span><\/td>\n<\/tr>\n<tr>\n<td><span style=\"color: #000000;\">1977<\/span><\/td>\n<td><span style=\"color: #000000;\">Hof<\/span><\/td>\n<td><span style=\"color: #000000;\">Freiheitshalle<\/span><\/td>\n<\/tr>\n<tr>\n<td><span style=\"color: #000000;\">1978<\/span><\/td>\n<td><span style=\"color: #000000;\">Bayreuth<\/span><\/td>\n<td><span style=\"color: #000000;\">Kunsthalle<\/span><\/td>\n<\/tr>\n<tr>\n<td><span style=\"color: #000000;\">1978<\/span><\/td>\n<td><span style=\"color: #000000;\">Bad Berneck<\/span><\/td>\n<td><span style=\"color: #000000;\">Hotel zur M\u00fchle<\/span><\/td>\n<\/tr>\n<tr>\n<td><span style=\"color: #000000;\">1978<\/span><\/td>\n<td><span style=\"color: #000000;\">N\u00fcnberg<\/span><\/td>\n<td><span style=\"color: #000000;\">Kunsthalle<\/span><\/td>\n<\/tr>\n<tr>\n<td><span style=\"color: #000000;\">1979<\/span><\/td>\n<td><span style=\"color: #000000;\">Ochtrup<\/span><\/td>\n<td><span style=\"color: #000000;\">Galerie Brinkwirth<\/span><\/td>\n<\/tr>\n<tr>\n<td><span style=\"color: #000000;\">1979<\/span><\/td>\n<td><span style=\"color: #000000;\">Hof<\/span><\/td>\n<td><span style=\"color: #000000;\">Hypo-Galerie<\/span><\/td>\n<\/tr>\n<tr>\n<td><span style=\"color: #000000;\">1979<\/span><\/td>\n<td><span style=\"color: #000000;\">Bayreuth<\/span><\/td>\n<td><span style=\"color: #000000;\">Eremitage, 29. Bayr. Kunstaustellung<\/span><\/td>\n<\/tr>\n<tr>\n<td><span style=\"color: #000000;\">1980<\/span><\/td>\n<td><span style=\"color: #000000;\">Bad F\u00fcssing<\/span><\/td>\n<td><span style=\"color: #000000;\">Gro\u00dfes Kurhaus<\/span><\/td>\n<\/tr>\n<tr>\n<td><span style=\"color: #000000;\">1981<\/span><\/td>\n<td><span style=\"color: #000000;\">Hof<\/span><\/td>\n<td><span style=\"color: #000000;\">Oettler<\/span><\/td>\n<\/tr>\n<tr>\n<td><span style=\"color: #000000;\">1981<\/span><\/td>\n<td><span style=\"color: #000000;\">Hof<\/span><\/td>\n<td><span style=\"color: #000000;\">Freiheitshalle<\/span><\/td>\n<\/tr>\n<tr>\n<td><span style=\"color: #000000;\">1981<\/span><\/td>\n<td><span style=\"color: #000000;\">Marktredwitz<\/span><\/td>\n<td><span style=\"color: #000000;\">Galerie Rohrer<\/span><\/td>\n<\/tr>\n<tr>\n<td><span style=\"color: #000000;\">1981<\/span><\/td>\n<td><span style=\"color: #000000;\">Hof<\/span><\/td>\n<td><span style=\"color: #000000;\">Sparkasse<\/span><\/td>\n<\/tr>\n<tr>\n<td><span style=\"color: #000000;\">1982<\/span><\/td>\n<td><span style=\"color: #000000;\">Schwarzenbach\/Saale<\/span><\/td>\n<td><\/td>\n<\/tr>\n<tr>\n<td><span style=\"color: #000000;\">1982<\/span><\/td>\n<td><span style=\"color: #000000;\">Ochtrup<\/span><\/td>\n<td><span style=\"color: #000000;\">Galerie Brinkwirth<\/span><\/td>\n<\/tr>\n<tr>\n<td><span style=\"color: #000000;\">1982<\/span><\/td>\n<td><span style=\"color: #000000;\">Burghausen<\/span><\/td>\n<td><span style=\"color: #000000;\">Galerie Burgstra\u00dfe<\/span><\/td>\n<\/tr>\n<tr>\n<td><span style=\"color: #000000;\">1983<\/span><\/td>\n<td><span style=\"color: #000000;\">Bischofsgr\u00fcn<\/span><\/td>\n<td><span style=\"color: #000000;\">Sporthotel Kaiseralm<\/span><\/td>\n<\/tr>\n<tr>\n<td><span style=\"color: #000000;\">1983<\/span><\/td>\n<td><span style=\"color: #000000;\">Hude<\/span><\/td>\n<td><a title=\"1983 Galerie Klosterm\u00fchle Hude\" href=\"http:\/\/margarete.wiggen.de\/?page_id=693\"><span style=\"color: #000000;\">Galerie Klosterm\u00fchle<\/span><\/a><\/td>\n<\/tr>\n<tr>\n<td><span style=\"color: #000000;\">1985<\/span><\/td>\n<td><span style=\"color: #000000;\">Hof<\/span><\/td>\n<td><a title=\"1985 Freiheitshalle Hof\" href=\"http:\/\/margarete.wiggen.de\/?page_id=677\"><span style=\"color: #000000;\">Freiheitshalle<\/span><\/a><\/td>\n<\/tr>\n<tr>\n<td><span style=\"color: #000000;\">1985<\/span><\/td>\n<td><span style=\"color: #000000;\">Joensuu\/Finnland<\/span><\/td>\n<td><a title=\"1985 Joensuu\" href=\"http:\/\/margarete.wiggen.de\/?page_id=682\" target=\"_blank\"><span style=\"color: #000000;\">15 Jahre St\u00e4dtepartnerschaft<\/span><\/a><\/td>\n<\/tr>\n<tr>\n<td><span style=\"color: #000000;\">1986<\/span><\/td>\n<td><span style=\"color: #000000;\">Ochtrup<\/span><\/td>\n<td><a title=\"1986 Galerie Brinkwirth Ochtrup\" href=\"http:\/\/margarete.wiggen.de\/?page_id=670\"><span style=\"color: #000000;\">Galerie Brinkwirth<\/span><\/a><\/td>\n<\/tr>\n<tr>\n<td><span style=\"color: #000000;\">1987<\/span><\/td>\n<td><span style=\"color: #000000;\">Bamberg<\/span><\/td>\n<td><span style=\"color: #000000;\">Neue Residenz<\/span><\/td>\n<\/tr>\n<tr>\n<td><span style=\"color: #000000;\">1993<\/span><\/td>\n<td><span style=\"color: #000000;\">Kulmbach<\/span><\/td>\n<td><a title=\"1993 Kunst im EKU Sudhaus\" href=\"http:\/\/margarete.wiggen.de\/?page_id=663\"><span style=\"color: #000000;\">Neues EKU Sudhaus<\/span><\/a><\/td>\n<\/tr>\n<\/tbody>\n<\/table>\n","protected":false},"excerpt":{"rendered":"<p>1961 M\u00fcnster 1962 K\u00f6nigstein\/Ts. Haus der Begegnung, Caritas Bundestreffen 1963 M\u00fcnster Caritas Di\u00f6zesantag 1970 W\u00fcrzburg Bayerisches Staatskonservatorium der Musik 1975 Selb Feierabendhaus 1975 Bad Alexandersbad Kur- und Sporthotel 1975 Bayreuth Eremitage 1975 Hof Hypo-Galerie 1975 N\u00fcrnberg Kunsthalle 1975 Warmensteinach Panorama Hotel 1976 Gronau Deutsche Bank Kunstkreis 1976 Bamberg Residenz 1976 Hof Vereinsbank\/Dresdner Bank\/Pfersdorf Kunst in &hellip; <\/p>\n<p class=\"link-more\"><a href=\"http:\/\/margarete.wiggen.de\/?page_id=461\" class=\"more-link\"><span class=\"screen-reader-text\">\u201eAusstellungen\u201c<\/span> weiterlesen<\/a><\/p>\n","protected":false},"author":1,"featured_media":0,"parent":0,"menu_order":5,"comment_status":"closed","ping_status":"closed","template":"","meta":[],"_links":{"self":[{"href":"http:\/\/margarete.wiggen.de\/index.php?rest_route=\/wp\/v2\/pages\/461"}],"collection":[{"href":"http:\/\/margarete.wiggen.de\/index.php?rest_route=\/wp\/v2\/pages"}],"about":[{"href":"http:\/\/margarete.wiggen.de\/index.php?rest_route=\/wp\/v2\/types\/page"}],"author":[{"embeddable":true,"href":"http:\/\/margarete.wiggen.de\/index.php?rest_route=\/wp\/v2\/users\/1"}],"replies":[{"embeddable":true,"href":"http:\/\/margarete.wiggen.de\/index.php?rest_route=%2Fwp%2Fv2%2Fcomments&post=461"}],"version-history":[{"count":23,"href":"http:\/\/margarete.wiggen.de\/index.php?rest_route=\/wp\/v2\/pages\/461\/revisions"}],"predecessor-version":[{"id":636,"href":"http:\/\/margarete.wiggen.de\/index.php?rest_route=\/wp\/v2\/pages\/461\/revisions\/636"}],"wp:attachment":[{"href":"http:\/\/margarete.wiggen.de\/index.php?rest_route=%2Fwp%2Fv2%2Fmedia&parent=461"}],"curies":[{"name":"wp","href":"https:\/\/api.w.org\/{rel}","templated":true}]}}